{"id":1266,"date":"2018-08-21T09:06:14","date_gmt":"2018-08-21T07:06:14","guid":{"rendered":"https:\/\/www.psycho-bio-acupressure.com\/?page_id=1266"},"modified":"2018-08-21T09:06:14","modified_gmt":"2018-08-21T07:06:14","slug":"07-ardeche","status":"publish","type":"page","link":"https:\/\/www.psycho-bio-acupressure.com\/es\/practicantes-con-licencia\/07-ardeche\/","title":{"rendered":"07 \u2013 Ard\u00e8che"},"content":{"rendered":"<div id=\"cn-top\" style=\"position: absolute; top: 0; right: 0;\"><\/div><div class=\"cn-list\" id=\"cn-list\" data-connections-version=\"10.4.66-0.7\"><div class=\"cn-template cn-cmap\" id=\"cn-cmap\" data-template-version=\"5.6\"><div class=\"cn-list-head\">\n<form class=\"cn-form\" id=\"cn-cat-select\" method=\"get\"><\/form><\/div>\n<div class=\"cn-list-body\" id=\"cn-list-body\">\n<div class=\"cn-list-section-head\" id=\"cn-char-B\"><h4 class=\"cn-alphahead\">B<\/h4><\/div><div class=\"cn-list-row cn-list-item vcard individual 07-ardeche 30-gard argent autisme endometriose hypersensibilite dysphorie-de-genre fibromyalgie la-maladie-dalzheimer parkinson la-peau-eczema syndrome-abandonnique les-aidants maladies-chroniques les-spectres-herites-transgenerationnels\" id=\"beatrice-nennig\" data-entry-type=\"individual\" data-entry-id=\"10\" data-entry-slug=\"beatrice-nennig\"><div id=\"entry-id-1069f2b390575eb\"  class=\"cn-entry cn-background-gradient cn-background-shadow\"   style=\"background-color: #85a3bf; border: 1px solid #1e73be; border-radius: 4px; margin: 8px 0; padding: 10px; position: relative\">\r\n\r\n\t<div class=\"cn-left\">\r\n\r\n\t\t<span class=\"cn-image-style\"><span style=\"display: block; max-width: 100%; width: 150px\"><img width=\"150\" height=\"150\" sizes=\"auto, 100vw\" lazyload=\"1\" class=\"cn-image photo\" alt=\"Fotograf\u00eda de B\u00e9atrice Boulanger Nennig\" title=\"Fotograf\u00eda de B\u00e9atrice Boulanger Nennig\" srcset=\"\/\/www.psycho-bio-acupressure.com\/wp-content\/uploads\/connections-images\/beatrice-nennig\/Beatrice-nenning-82d098cd69abc514afe107bcdcde58e9.jpg 1x\" loading=\"lazy\"\/><\/span><\/span>\n\t<\/div> <!-- \/.cn-left -->\r\n\r\n\t<div class=\"cn-right\">\r\n\r\n\t\t<div style=\"margin-bottom: 5px;\">\r\n\r\n\t\t\t<h3><span class=\"fn n notranslate\"> <span class=\"given-name\">B\u00e9atrice<\/span> <span class=\"family-name\">Boulanger Nennig<\/span><\/span>\n<\/h3>\r\n\t\t\t\n\t\t<\/div>\r\n\r\n\t\t<span class=\"address-block\"><span class=\"adr cn-address cn-preferred cn-address-preferred\"><span class=\"address-name\">Cabinet<\/span> <span class=\"street-address notranslate\">Les 3 Ateliers<\/span> <span class=\"street-address notranslate\">La Jaujon<\/span> <span class=\"street-address notranslate\">Route de Joyeuse<\/span> <span class=\"postal-code\">07230<\/span> <span class=\"locality\">Lablach\u00e8re<\/span> <span class=\"type\" style=\"display: none;\">work<\/span><\/span><span class=\"adr cn-address\"><span class=\"address-name\">Cabinet<\/span> <span class=\"street-address notranslate\">17 rue Menard<\/span> <span class=\"street-address notranslate\">R\u00e9sidence La Marseillaise<\/span> <span class=\"postal-code\">30000<\/span> <span class=\"locality\">Nimes<\/span> <span class=\"country-name\">France<\/span><span class=\"type\" style=\"display: none;\">work<\/span><\/span><\/span>\n<span class=\"phone-number-block\">\n<span class=\"tel cn-phone-number cn-phone-number-type-cellphone\"><span class=\"phone-name\">T\u00e9l\u00e9phone mobile<\/span><span class=\"cn-separator\">:<\/span> <span class=\"value\">06 09 73 33 58<\/span><span class=\"type\" style=\"display: none;\">cell<\/span><\/span>\n<\/span>\n<span class=\"email-address-block\">\n<span class=\"email cn-email-address\"><span class=\"email-name\">Courriel professionnel<\/span><span class=\"cn-separator\">:<\/span> <span class=\"email-address\"><a class=\"value\" title=\"B\u00e9atrice Boulanger Nennig work email.\" href=\"mailto:beatrice.nennig@gmail.com\">beatrice.nennig@gmail.com<\/a><\/span><span class=\"type\" style=\"display: none;\">INTERNET<\/span><\/span>\n<\/span>\n\t<\/div><!-- \/.cn-right -->\r\n\r\n\t<div class=\"cn-clear\"><\/div>\r\n\r\n\t\r\n\t<div class=\"cn-clear\" style=\"display:table;margin: 10px 0;width:100%;\">\r\n\t\t<div style=\"display:table-cell;vertical-align:middle;\">\r\n\t\t\t<div class=\"cn-categories\"><span class=\"cn_category_label\">R\u00e9gions \/ Prise en charge sp\u00e9cifique :<\/span> <span class=\"cn-category-name cn_category cn-category-318 cn-category-07-ardeche\">07 - Ard\u00e8che<\/span><span class=\"cn-category-separator\">, <\/span><span class=\"cn-category-name cn_category cn-category-241 cn-category-30-gard\">30 - Gard<\/span><span class=\"cn-category-separator\">, <\/span><span class=\"cn-category-name cn_category cn-category-362 cn-category-argent\">L&#039;argent<\/span><span class=\"cn-category-separator\">, <\/span><span class=\"cn-category-name cn_category cn-category-356 cn-category-autisme\">L&#039;autisme<\/span><span class=\"cn-category-separator\">, <\/span><span class=\"cn-category-name cn_category cn-category-368 cn-category-endometriose\">L&#039;endom\u00e9triose<\/span><span class=\"cn-category-separator\">, <\/span><span class=\"cn-category-name cn_category cn-category-360 cn-category-hypersensibilite\">L&#039;hypersensibilit\u00e9<\/span><span class=\"cn-category-separator\">, <\/span><span class=\"cn-category-name cn_category cn-category-355 cn-category-dysphorie-de-genre\">La dysphorie de genre<\/span><span class=\"cn-category-separator\">, <\/span><span class=\"cn-category-name cn_category cn-category-367 cn-category-fibromyalgie\">La fibromyalgie<\/span><span class=\"cn-category-separator\">, <\/span><span class=\"cn-category-name cn_category cn-category-357 cn-category-la-maladie-dalzheimer\">La maladie d&#039;Alzheimer<\/span><span class=\"cn-category-separator\">, <\/span><span class=\"cn-category-name cn_category cn-category-372 cn-category-parkinson\">La maladie de Parkinson<\/span><span class=\"cn-category-separator\">, <\/span><span class=\"cn-category-name cn_category cn-category-373 cn-category-la-peau-eczema\">La peau (Ecz\u00e9ma)<\/span><span class=\"cn-category-separator\">, <\/span><span class=\"cn-category-name cn_category cn-category-359 cn-category-syndrome-abandonnique\">Le syndrome abandonnique<\/span><span class=\"cn-category-separator\">, <\/span><span class=\"cn-category-name cn_category cn-category-358 cn-category-les-aidants\">Les Aidants<\/span><span class=\"cn-category-separator\">, <\/span><span class=\"cn-category-name cn_category cn-category-366 cn-category-maladies-chroniques\">Les maladies chroniques<\/span><span class=\"cn-category-separator\">, <\/span><span class=\"cn-category-name cn_category cn-category-361 cn-category-les-spectres-herites-transgenerationnels\">Les spectres h\u00e9rit\u00e9s transg\u00e9n\u00e9rationnels<\/span><\/div>\n\t\t<\/div>\r\n\t\t<div style=\"display:table-cell;text-align:right;vertical-align:middle;\">\r\n\t\t\t\t\t<\/div>\r\n\t<\/div>\r\n\r\n\t<div class=\"cn-tray-links\">\r\n\r\n\t\t<div class=\"cn-left\">\r\n\t\t\t\r\n\t\t\tPraticienne confirm\u00e9e, niveau 5, \u00e9galement form\u00e9e \u00e0 la prise en charge des enfants<div class=\"cn-clear\"><\/div>\t\t\t\r\n\t\t\tResponsable de r\u00e9gion : 30 (Gars) 48 (Loz\u00e8re) 12 (Aveyron) 81 (Tarn)  82 (Tarn-et-Garonne) 46 (Lot)\t\r\n <\/div> <!-- \/.cn-left -->\r\n\t\t<div class=\"cn-clear\"><\/div>\r\n\t\t<div class=\"cn-right\">\r\n\t\t\t\r\n<div class=\"cn-clear\"><\/div>\r\n\t\t\t<div class=\"cn-clear\"><\/div>\r\n\t\t\t<a class=\"cn-map-anchor cn-cmap-toggle\" id=\"map-anchor-1069f2b390575eb\" href=\"#\" data-uuid=\"1069f2b390575eb\" data-div-id=\"map-block-1069f2b390575eb\">Mostrar mapa<\/a><span class=\"toggle-map-divider\"> | <\/span>\r\n\t\t\t\t<span class=\"cn-return-to-top\"><span class=\"cn-return-to-top\"><a href=\"#cn-top\" title=\"Arriba\"><img decoding=\"async\" src=\"https:\/\/www.psycho-bio-acupressure.com\/wp-content\/plugins\/connections\/assets\/images\/uparrow.gif\" alt=\"Arriba\"\/><\/a><\/span>\n<\/span>\r\n\r\n\t\t\t\r\n\t\t<\/div> <!-- \/.cn-right -->\r\n\t<\/div> <!-- \/.cn-tray-links -->\r\n\r\n\t<div class=\"cn-clear\"><\/div>\r\n\r\n\t<div class=\"cn-content-tray\">\r\n\t\t\r\n\t\t\r\n\t\t<div class=\"cn-cmap-tab cn-gmap\" id=\"map-block-1069f2b390575eb\" data-type=\"map\" style=\"display: none;\">\n<map-block id=\"cn-map-1069f2b390575eb\" style=\"display: block;height: 400px;width: 100%\" data-center=\"39.828300000000,-98.579500000000\" data-zoom=\"13\" data-height=\"400px\" data-width=\"100%\">\n<map-control-layers  data-id=\"layerControl\" data-collapsed=\"false\">\n<map-base-layer data-id=\"google-roadmap\">Roadmap<\/map-base-layer>\n<map-base-layer data-id=\"google-hybrid\">Satellite<\/map-base-layer>\n<\/map-control-layers>\n<map-tilelayer  data-id=\"google-roadmap\" data-type=\"roadmap\" data-name=\"Roadmap\"><a href=\"https:\/\/connections-pro.com\/\" target=\"_blank\" title=\"Connections Business Directory plugin for WordPress\">Connections Business Directory<\/a> | <a href=\"https:\/\/leafletjs.com\/\" target=\"_blank\" title=\"Leaflet\">Leaflet<\/a><\/map-tilelayer>\n<map-tilelayer  data-id=\"google-hybrid\" data-type=\"hybrid\" data-name=\"Satellite\"><a href=\"https:\/\/connections-pro.com\/\" target=\"_blank\" title=\"Connections Business Directory plugin for WordPress\">Connections Business Directory<\/a> | <a href=\"https:\/\/leafletjs.com\/\" target=\"_blank\" title=\"Leaflet\">Leaflet<\/a><\/map-tilelayer>\n<map-marker  data-id=\"default\" data-latitude=\"44.465122900000\" data-longitude=\"4.215676300000\"><map-marker-popup  data-id=\"default\"><p>Les 3 Ateliers La Jaujon Lablach\u00e8re 07230<\/p><div><a href=\"https:\/\/www.google.com\/maps?saddr&daddr=44.465122900000,4.215676300000\" target=\"_blank\"><button>Get Directions<\/button><\/a><\/div><\/map-marker-popup><\/map-marker>\n<map-marker  data-id=\"default\" data-latitude=\"43.841781700000\" data-longitude=\"4.355268500000\"><map-marker-popup  data-id=\"default\"><p>17 rue Menard R\u00e9sidence La Marseillaise Nimes 30000 France<\/p><div><a href=\"https:\/\/www.google.com\/maps?saddr&daddr=43.841781700000,4.355268500000\" target=\"_blank\"><button>Get Directions<\/button><\/a><\/div><\/map-marker-popup><\/map-marker>\n<\/map-block>\n<\/div>\t<\/div> <!-- \/.cn-content-tray -->\r\n<\/div>\r\n\n<\/div>\n<div class=\"cn-list-section-head\" id=\"cn-char-N\"><h4 class=\"cn-alphahead\">N<\/h4><\/div><div class=\"cn-list-row-alternate cn-list-item vcard individual 07-ardeche 26-drome argent autisme endometriose hypersensibilite dysphorie-de-genre la-maladie-dalzheimer syndrome-abandonnique les-aidants les-phobies les-spectres-herites-transgenerationnels tda-tdah trouble-dopposition-avec-provocation\" id=\"maillaita-tourette\" data-entry-type=\"individual\" data-entry-id=\"11\" data-entry-slug=\"maillaita-tourette\"><div id=\"entry-id-1169f2b3905eac8\"  class=\"cn-entry cn-background-gradient cn-background-shadow\"   style=\"background-color: #85a3bf; border: 1px solid #1e73be; border-radius: 4px; margin: 8px 0; padding: 10px; position: relative\">\r\n\r\n\t<div class=\"cn-left\">\r\n\r\n\t\t<span class=\"cn-image-style\"><span style=\"display: block; max-width: 100%; width: 150px\"><img width=\"150\" height=\"150\" sizes=\"auto, 100vw\" lazyload=\"1\" class=\"cn-image photo\" alt=\"Fotograf\u00eda de Ma\u00efllaita NURI\" title=\"Fotograf\u00eda de Ma\u00efllaita NURI\" srcset=\"\/\/www.psycho-bio-acupressure.com\/wp-content\/uploads\/connections-images\/maillaita-tourette\/maillaita-b9c2a574ac79e7f9f534e39b3549c999.jpg 1x\" loading=\"lazy\"\/><\/span><\/span>\n\t<\/div> <!-- \/.cn-left -->\r\n\r\n\t<div class=\"cn-right\">\r\n\r\n\t\t<div style=\"margin-bottom: 5px;\">\r\n\r\n\t\t\t<h3><span class=\"fn n notranslate\"> <span class=\"given-name\">Ma\u00efllaita<\/span> <span class=\"family-name\">NURI<\/span><\/span>\n<\/h3>\r\n\t\t\t\n\t\t<\/div>\r\n\r\n\t\t<span class=\"address-block\"><span class=\"adr cn-address\"><span class=\"address-name\">Cabinet<\/span> <span class=\"street-address notranslate\">Le septi\u00e8me<\/span> <span class=\"street-address notranslate\">Chemin de Moulon<\/span> <span class=\"postal-code\">07200<\/span> <span class=\"locality\">Aubenas<\/span> <span class=\"country-name\">France<\/span><span class=\"type\" style=\"display: none;\">work<\/span><\/span><span class=\"adr cn-address\"><span class=\"address-name\">Cabinet<\/span> <span class=\"street-address notranslate\">60 Avenue de Rochemaure<\/span> <span class=\"postal-code\">26200<\/span> <span class=\"locality\">Mont\u00e9limar<\/span> <span class=\"country-name\">France<\/span><span class=\"type\" style=\"display: none;\">work<\/span><\/span><\/span>\n<span class=\"phone-number-block\">\n<span class=\"tel cn-phone-number cn-phone-number-type-cellphone\"><span class=\"phone-name\">T\u00e9l\u00e9phone mobile<\/span><span class=\"cn-separator\">:<\/span> <span class=\"value\">+33618696600<\/span><span class=\"type\" style=\"display: none;\">cell<\/span><\/span>\n<\/span>\n<span class=\"email-address-block\">\n<span class=\"email cn-email-address\"><span class=\"email-name\">Courriel professionnel<\/span><span class=\"cn-separator\">:<\/span> <span class=\"email-address\"><a class=\"value\" title=\"Ma\u00efllaita NURI work email.\" href=\"mailto:maillaita.nuri@gmail.com\">maillaita.nuri@gmail.com<\/a><\/span><span class=\"type\" style=\"display: none;\">INTERNET<\/span><\/span>\n<\/span>\n\t<\/div><!-- \/.cn-right -->\r\n\r\n\t<div class=\"cn-clear\"><\/div>\r\n\r\n\t\r\n\t<div class=\"cn-clear\" style=\"display:table;margin: 10px 0;width:100%;\">\r\n\t\t<div style=\"display:table-cell;vertical-align:middle;\">\r\n\t\t\t<div class=\"cn-categories\"><span class=\"cn_category_label\">R\u00e9gions \/ Prise en charge sp\u00e9cifique :<\/span> <span class=\"cn-category-name cn_category cn-category-318 cn-category-07-ardeche\">07 - Ard\u00e8che<\/span><span class=\"cn-category-separator\">, <\/span><span class=\"cn-category-name cn_category cn-category-324 cn-category-26-drome\">26 - Dr\u00f4me<\/span><span class=\"cn-category-separator\">, <\/span><span class=\"cn-category-name cn_category cn-category-362 cn-category-argent\">L&#039;argent<\/span><span class=\"cn-category-separator\">, <\/span><span class=\"cn-category-name cn_category cn-category-356 cn-category-autisme\">L&#039;autisme<\/span><span class=\"cn-category-separator\">, <\/span><span class=\"cn-category-name cn_category cn-category-368 cn-category-endometriose\">L&#039;endom\u00e9triose<\/span><span class=\"cn-category-separator\">, <\/span><span class=\"cn-category-name cn_category cn-category-360 cn-category-hypersensibilite\">L&#039;hypersensibilit\u00e9<\/span><span class=\"cn-category-separator\">, <\/span><span class=\"cn-category-name cn_category cn-category-355 cn-category-dysphorie-de-genre\">La dysphorie de genre<\/span><span class=\"cn-category-separator\">, <\/span><span class=\"cn-category-name cn_category cn-category-357 cn-category-la-maladie-dalzheimer\">La maladie d&#039;Alzheimer<\/span><span class=\"cn-category-separator\">, <\/span><span class=\"cn-category-name cn_category cn-category-359 cn-category-syndrome-abandonnique\">Le syndrome abandonnique<\/span><span class=\"cn-category-separator\">, <\/span><span class=\"cn-category-name cn_category cn-category-358 cn-category-les-aidants\">Les Aidants<\/span><span class=\"cn-category-separator\">, <\/span><span class=\"cn-category-name cn_category cn-category-378 cn-category-les-phobies\">Les phobies<\/span><span class=\"cn-category-separator\">, <\/span><span class=\"cn-category-name cn_category cn-category-361 cn-category-les-spectres-herites-transgenerationnels\">Les spectres h\u00e9rit\u00e9s transg\u00e9n\u00e9rationnels<\/span><span class=\"cn-category-separator\">, <\/span><span class=\"cn-category-name cn_category cn-category-363 cn-category-tda-tdah\">TDA\/TDAH<\/span><span class=\"cn-category-separator\">, <\/span><span class=\"cn-category-name cn_category cn-category-364 cn-category-trouble-dopposition-avec-provocation\">Trouble d\u2019Opposition avec Provocation<\/span><\/div>\n\t\t<\/div>\r\n\t\t<div style=\"display:table-cell;text-align:right;vertical-align:middle;\">\r\n\t\t\t\t\t<\/div>\r\n\t<\/div>\r\n\r\n\t<div class=\"cn-tray-links\">\r\n\r\n\t\t<div class=\"cn-left\">\r\n\t\t\t\r\n\t\t\tPraticienne confirm\u00e9e, niveau 5, \u00e9galement form\u00e9e \u00e0 la prise en charge des enfants<div class=\"cn-clear\"><\/div>\t\t\t\r\n\t\t\tResponsable de r\u00e9gion : 07 (Ard\u00e8che) 26 (Dr\u00f4me) et Suisse\t\r\n <\/div> <!-- \/.cn-left -->\r\n\t\t<div class=\"cn-clear\"><\/div>\r\n\t\t<div class=\"cn-right\">\r\n\t\t\t\r\n<div class=\"cn-clear\"><\/div>\r\n\t\t\t<div class=\"cn-clear\"><\/div>\r\n\t\t\t<a class=\"cn-map-anchor cn-cmap-toggle\" id=\"map-anchor-1169f2b3905eac8\" href=\"#\" data-uuid=\"1169f2b3905eac8\" data-div-id=\"map-block-1169f2b3905eac8\">Mostrar mapa<\/a><span class=\"toggle-map-divider\"> | <\/span>\r\n\t\t\t\t<span class=\"cn-return-to-top\"><span class=\"cn-return-to-top\"><a href=\"#cn-top\" title=\"Arriba\"><img decoding=\"async\" src=\"https:\/\/www.psycho-bio-acupressure.com\/wp-content\/plugins\/connections\/assets\/images\/uparrow.gif\" alt=\"Arriba\"\/><\/a><\/span>\n<\/span>\r\n\r\n\t\t\t\r\n\t\t<\/div> <!-- \/.cn-right -->\r\n\t<\/div> <!-- \/.cn-tray-links -->\r\n\r\n\t<div class=\"cn-clear\"><\/div>\r\n\r\n\t<div class=\"cn-content-tray\">\r\n\t\t\r\n\t\t\r\n\t\t<div class=\"cn-cmap-tab cn-gmap\" id=\"map-block-1169f2b3905eac8\" data-type=\"map\" style=\"display: none;\">\n<map-block id=\"cn-map-1169f2b3905eac8\" style=\"display: block;height: 400px;width: 100%\" data-center=\"39.828300000000,-98.579500000000\" data-zoom=\"13\" data-height=\"400px\" data-width=\"100%\">\n<map-control-layers  data-id=\"layerControl\" data-collapsed=\"false\">\n<map-base-layer data-id=\"google-roadmap\">Roadmap<\/map-base-layer>\n<map-base-layer data-id=\"google-hybrid\">Satellite<\/map-base-layer>\n<\/map-control-layers>\n<map-tilelayer  data-id=\"google-roadmap\" data-type=\"roadmap\" data-name=\"Roadmap\"><a href=\"https:\/\/connections-pro.com\/\" target=\"_blank\" title=\"Connections Business Directory plugin for WordPress\">Connections Business Directory<\/a> | <a href=\"https:\/\/leafletjs.com\/\" target=\"_blank\" title=\"Leaflet\">Leaflet<\/a><\/map-tilelayer>\n<map-tilelayer  data-id=\"google-hybrid\" data-type=\"hybrid\" data-name=\"Satellite\"><a href=\"https:\/\/connections-pro.com\/\" target=\"_blank\" title=\"Connections Business Directory plugin for WordPress\">Connections Business Directory<\/a> | <a href=\"https:\/\/leafletjs.com\/\" target=\"_blank\" title=\"Leaflet\">Leaflet<\/a><\/map-tilelayer>\n<map-marker  data-id=\"default\" data-latitude=\"44.615034300000\" data-longitude=\"4.402986000000\"><map-marker-popup  data-id=\"default\"><p>Le septi\u00e8me Chemin de Moulon Aubenas 07200 France<\/p><div><a href=\"https:\/\/www.google.com\/maps?saddr&daddr=44.615034300000,4.402986000000\" target=\"_blank\"><button>Get Directions<\/button><\/a><\/div><\/map-marker-popup><\/map-marker>\n<map-marker  data-id=\"default\" data-latitude=\"44.563215900000\" data-longitude=\"4.741193000000\"><map-marker-popup  data-id=\"default\"><p>60 Avenue de Rochemaure Mont\u00e9limar 26200 France<\/p><div><a href=\"https:\/\/www.google.com\/maps?saddr&daddr=44.563215900000,4.741193000000\" target=\"_blank\"><button>Get Directions<\/button><\/a><\/div><\/map-marker-popup><\/map-marker>\n<\/map-block>\n<\/div>\t<\/div> <!-- \/.cn-content-tray -->\r\n<\/div>\r\n\n<\/div>\n<div class=\"cn-list-section-head\" id=\"cn-char-P\"><h4 class=\"cn-alphahead\">P<\/h4><\/div><div class=\"cn-list-row cn-list-item vcard individual 07-ardeche argent autisme endometriose hypersensibilite fibromyalgie la-maladie-dalzheimer parkinson la-peau-eczema syndrome-abandonnique les-aidants maladies-chroniques les-spectres-herites-transgenerationnels\" id=\"peggy-payre-ficot\" data-entry-type=\"individual\" data-entry-id=\"239\" data-entry-slug=\"peggy-payre-ficot\"><div id=\"entry-id-23969f2b3906277e\"  class=\"cn-entry cn-background-gradient cn-background-shadow\"   style=\"background-color: #85a3bf; border: 1px solid #1e73be; border-radius: 4px; margin: 8px 0; padding: 10px; position: relative\">\r\n\r\n\t<div class=\"cn-left\">\r\n\r\n\t\t<span class=\"cn-image-style\"><span style=\"display: block; max-width: 100%; width: 150px\"><img width=\"150\" height=\"150\" sizes=\"auto, 100vw\" lazyload=\"1\" class=\"cn-image photo\" alt=\"Fotograf\u00eda de Peggy PAYRE-FICOT\" title=\"Fotograf\u00eda de Peggy PAYRE-FICOT\" srcset=\"\/\/www.psycho-bio-acupressure.com\/wp-content\/uploads\/connections-images\/peggy-payre-ficot\/peggy-f9ee27bb3cf39bea8e7431002a70a5e2.jpg 1x\" loading=\"lazy\"\/><\/span><\/span>\n\t<\/div> <!-- \/.cn-left -->\r\n\r\n\t<div class=\"cn-right\">\r\n\r\n\t\t<div style=\"margin-bottom: 5px;\">\r\n\r\n\t\t\t<h3><span class=\"fn n notranslate\"> <span class=\"given-name\">Peggy<\/span> <span class=\"family-name\">PAYRE-FICOT<\/span><\/span>\n<\/h3>\r\n\t\t\t\n\t\t<\/div>\r\n\r\n\t\t<span class=\"address-block\"><span class=\"adr cn-address\"><span class=\"address-name\">Cabinet<\/span> <span class=\"street-address notranslate\">65 rue des Tilleuls<\/span> <span class=\"street-address notranslate\">Mantelin<\/span> <span class=\"postal-code\">07340<\/span> <span class=\"locality\">Brossainc<\/span> <span class=\"type\" style=\"display: none;\">work<\/span><\/span><\/span>\n<span class=\"phone-number-block\">\n<span class=\"tel cn-phone-number cn-phone-number-type-cellphone\"><span class=\"phone-name\">T\u00e9l\u00e9phone mobile<\/span><span class=\"cn-separator\">:<\/span> <span class=\"value\">06 24 34 73 29<\/span><span class=\"type\" style=\"display: none;\">cell<\/span><\/span>\n<\/span>\n<span class=\"email-address-block\">\n<span class=\"email cn-email-address\"><span class=\"email-name\">Courriel professionnel<\/span><span class=\"cn-separator\">:<\/span> <span class=\"email-address\"><a class=\"value\" title=\"Peggy PAYRE-FICOT work email.\" href=\"mailto:peggy@payre-ficot.fr\">peggy@payre-ficot.fr<\/a><\/span><span class=\"type\" style=\"display: none;\">INTERNET<\/span><\/span>\n<\/span>\n\t<\/div><!-- \/.cn-right -->\r\n\r\n\t<div class=\"cn-clear\"><\/div>\r\n\r\n\t\r\n\t<div class=\"cn-clear\" style=\"display:table;margin: 10px 0;width:100%;\">\r\n\t\t<div style=\"display:table-cell;vertical-align:middle;\">\r\n\t\t\t<div class=\"cn-categories\"><span class=\"cn_category_label\">R\u00e9gions \/ Prise en charge sp\u00e9cifique :<\/span> <span class=\"cn-category-name cn_category cn-category-318 cn-category-07-ardeche\">07 - Ard\u00e8che<\/span><span class=\"cn-category-separator\">, <\/span><span class=\"cn-category-name cn_category cn-category-362 cn-category-argent\">L&#039;argent<\/span><span class=\"cn-category-separator\">, <\/span><span class=\"cn-category-name cn_category cn-category-356 cn-category-autisme\">L&#039;autisme<\/span><span class=\"cn-category-separator\">, <\/span><span class=\"cn-category-name cn_category cn-category-368 cn-category-endometriose\">L&#039;endom\u00e9triose<\/span><span class=\"cn-category-separator\">, <\/span><span class=\"cn-category-name cn_category cn-category-360 cn-category-hypersensibilite\">L&#039;hypersensibilit\u00e9<\/span><span class=\"cn-category-separator\">, <\/span><span class=\"cn-category-name cn_category cn-category-367 cn-category-fibromyalgie\">La fibromyalgie<\/span><span class=\"cn-category-separator\">, <\/span><span class=\"cn-category-name cn_category cn-category-357 cn-category-la-maladie-dalzheimer\">La maladie d&#039;Alzheimer<\/span><span class=\"cn-category-separator\">, <\/span><span class=\"cn-category-name cn_category cn-category-372 cn-category-parkinson\">La maladie de Parkinson<\/span><span class=\"cn-category-separator\">, <\/span><span class=\"cn-category-name cn_category cn-category-373 cn-category-la-peau-eczema\">La peau (Ecz\u00e9ma)<\/span><span class=\"cn-category-separator\">, <\/span><span class=\"cn-category-name cn_category cn-category-359 cn-category-syndrome-abandonnique\">Le syndrome abandonnique<\/span><span class=\"cn-category-separator\">, <\/span><span class=\"cn-category-name cn_category cn-category-358 cn-category-les-aidants\">Les Aidants<\/span><span class=\"cn-category-separator\">, <\/span><span class=\"cn-category-name cn_category cn-category-366 cn-category-maladies-chroniques\">Les maladies chroniques<\/span><span class=\"cn-category-separator\">, <\/span><span class=\"cn-category-name cn_category cn-category-361 cn-category-les-spectres-herites-transgenerationnels\">Les spectres h\u00e9rit\u00e9s transg\u00e9n\u00e9rationnels<\/span><\/div>\n\t\t<\/div>\r\n\t\t<div style=\"display:table-cell;text-align:right;vertical-align:middle;\">\r\n\t\t\t\t\t<\/div>\r\n\t<\/div>\r\n\r\n\t<div class=\"cn-tray-links\">\r\n\r\n\t\t<div class=\"cn-left\">\r\n\t\t\t\r\n\t\t\tPraticienne confirm\u00e9e, niveau 5, \u00e9galement form\u00e9e \u00e0 la prise en charge des enfants<div class=\"cn-clear\"><\/div>\t\t\t\r\n\t\t\t\t\r\n <\/div> <!-- \/.cn-left -->\r\n\t\t<div class=\"cn-clear\"><\/div>\r\n\t\t<div class=\"cn-right\">\r\n\t\t\t\r\n<div class=\"cn-clear\"><\/div>\r\n\t\t\t<div class=\"cn-clear\"><\/div>\r\n\t\t\t<a class=\"cn-map-anchor cn-cmap-toggle\" id=\"map-anchor-23969f2b3906277e\" href=\"#\" data-uuid=\"23969f2b3906277e\" data-div-id=\"map-block-23969f2b3906277e\">Mostrar mapa<\/a><span class=\"toggle-map-divider\"> | <\/span>\r\n\t\t\t\t<span class=\"cn-return-to-top\"><span class=\"cn-return-to-top\"><a href=\"#cn-top\" title=\"Arriba\"><img decoding=\"async\" src=\"https:\/\/www.psycho-bio-acupressure.com\/wp-content\/plugins\/connections\/assets\/images\/uparrow.gif\" alt=\"Arriba\"\/><\/a><\/span>\n<\/span>\r\n\r\n\t\t\t\r\n\t\t<\/div> <!-- \/.cn-right -->\r\n\t<\/div> <!-- \/.cn-tray-links -->\r\n\r\n\t<div class=\"cn-clear\"><\/div>\r\n\r\n\t<div class=\"cn-content-tray\">\r\n\t\t\r\n\t\t\r\n\t\t<div class=\"cn-cmap-tab cn-gmap\" id=\"map-block-23969f2b3906277e\" data-type=\"map\" style=\"display: none;\">\n<map-block id=\"cn-map-23969f2b3906277e\" style=\"display: block;height: 400px;width: 100%\" data-center=\"39.828300000000,-98.579500000000\" data-zoom=\"13\" data-height=\"400px\" data-width=\"100%\">\n<map-control-layers  data-id=\"layerControl\" data-collapsed=\"false\">\n<map-base-layer data-id=\"google-roadmap\">Roadmap<\/map-base-layer>\n<map-base-layer data-id=\"google-hybrid\">Satellite<\/map-base-layer>\n<\/map-control-layers>\n<map-tilelayer  data-id=\"google-roadmap\" data-type=\"roadmap\" data-name=\"Roadmap\"><a href=\"https:\/\/connections-pro.com\/\" target=\"_blank\" title=\"Connections Business Directory plugin for WordPress\">Connections Business Directory<\/a> | <a href=\"https:\/\/leafletjs.com\/\" target=\"_blank\" title=\"Leaflet\">Leaflet<\/a><\/map-tilelayer>\n<map-tilelayer  data-id=\"google-hybrid\" data-type=\"hybrid\" data-name=\"Satellite\"><a href=\"https:\/\/connections-pro.com\/\" target=\"_blank\" title=\"Connections Business Directory plugin for WordPress\">Connections Business Directory<\/a> | <a href=\"https:\/\/leafletjs.com\/\" target=\"_blank\" title=\"Leaflet\">Leaflet<\/a><\/map-tilelayer>\n<map-marker  data-id=\"default\" data-latitude=\"45.333795000000\" data-longitude=\"4.683478000000\"><map-marker-popup  data-id=\"default\"><p>65 rue des Tilleuls Mantelin Brossainc 07340<\/p><div><a href=\"https:\/\/www.google.com\/maps?saddr&daddr=45.333795000000,4.683478000000\" target=\"_blank\"><button>Get Directions<\/button><\/a><\/div><\/map-marker-popup><\/map-marker>\n<\/map-block>\n<\/div>\t<\/div> <!-- \/.cn-content-tray -->\r\n<\/div>\r\n\n<\/div>\n<\/div>\n<div class=\"cn-list-foot\">\n\n<\/div>\n\n<\/div>\n\n<\/div>\n","protected":false},"excerpt":{"rendered":"<p>B B\u00e9atrice Boulanger Nennig Cabinet Les 3 Ateliers La Jaujon Route de Joyeuse 07230 Lablach\u00e8re workCabinet 17 rue Menard R\u00e9sidence La Marseillaise 30000 Nimes Francework T\u00e9l\u00e9phone mobile: 06 09 73 33 58cell Courriel professionnel: beatrice.nennig@gmail.comINTERNET R\u00e9gions \/ Prise en charge sp\u00e9cifique : 07 &#8211; Ard\u00e8che, 30 &#8211; Gard, L&#039;argent, L&#039;autisme, L&#039;endom\u00e9triose, L&#039;hypersensibilit\u00e9, La dysphorie de&hellip;<\/p>\n","protected":false},"author":1,"featured_media":0,"parent":1152,"menu_order":0,"comment_status":"closed","ping_status":"closed","template":"","meta":{"_cbd_carousel_blocks":"[]","footnotes":""},"class_list":["post-1266","page","type-page","status-publish","hentry","description-off"],"yoast_head":"<!-- This site is optimized with the Yoast SEO plugin v27.5 - https:\/\/yoast.com\/product\/yoast-seo-wordpress\/ -->\n<title>07 \u2013 Ard\u00e8che - La PBA<\/title>\n<meta name=\"robots\" content=\"index, follow, max-snippet:-1, max-image-preview:large, max-video-preview:-1\" \/>\n<link rel=\"canonical\" href=\"https:\/\/www.psycho-bio-acupressure.com\/es\/practicantes-con-licencia\/07-ardeche\/\" \/>\n<meta property=\"og:locale\" content=\"es_ES\" \/>\n<meta property=\"og:type\" content=\"article\" \/>\n<meta property=\"og:title\" content=\"07 \u2013 Ard\u00e8che - La PBA\" \/>\n<meta property=\"og:url\" content=\"https:\/\/www.psycho-bio-acupressure.com\/es\/practicantes-con-licencia\/07-ardeche\/\" \/>\n<meta property=\"og:site_name\" content=\"La PBA\" \/>\n<meta property=\"article:publisher\" content=\"https:\/\/www.facebook.com\/InstitutDelatteDePsychoBioAcupressure\" \/>\n<meta name=\"twitter:card\" content=\"summary_large_image\" \/>\n<script type=\"application\/ld+json\" class=\"yoast-schema-graph\">{\"@context\":\"https:\\\/\\\/schema.org\",\"@graph\":[{\"@type\":\"WebPage\",\"@id\":\"https:\\\/\\\/www.psycho-bio-acupressure.com\\\/es\\\/practicantes-con-licencia\\\/07-ardeche\\\/\",\"url\":\"https:\\\/\\\/www.psycho-bio-acupressure.com\\\/es\\\/practicantes-con-licencia\\\/07-ardeche\\\/\",\"name\":\"07 \u2013 Ard\u00e8che - La PBA\",\"isPartOf\":{\"@id\":\"https:\\\/\\\/www.psycho-bio-acupressure.com\\\/es\\\/#website\"},\"datePublished\":\"2018-08-21T07:06:14+00:00\",\"breadcrumb\":{\"@id\":\"https:\\\/\\\/www.psycho-bio-acupressure.com\\\/es\\\/practicantes-con-licencia\\\/07-ardeche\\\/#breadcrumb\"},\"inLanguage\":\"es\",\"potentialAction\":[{\"@type\":\"ReadAction\",\"target\":[\"https:\\\/\\\/www.psycho-bio-acupressure.com\\\/es\\\/practicantes-con-licencia\\\/07-ardeche\\\/\"]}]},{\"@type\":\"BreadcrumbList\",\"@id\":\"https:\\\/\\\/www.psycho-bio-acupressure.com\\\/es\\\/practicantes-con-licencia\\\/07-ardeche\\\/#breadcrumb\",\"itemListElement\":[{\"@type\":\"ListItem\",\"position\":1,\"name\":\"Accueil\",\"item\":\"https:\\\/\\\/www.psycho-bio-acupressure.com\\\/es\\\/\"},{\"@type\":\"ListItem\",\"position\":2,\"name\":\"Practicantes con licencia\",\"item\":\"https:\\\/\\\/www.psycho-bio-acupressure.com\\\/es\\\/practicantes-con-licencia\\\/\"},{\"@type\":\"ListItem\",\"position\":3,\"name\":\"07 \u2013 Ard\u00e8che\"}]},{\"@type\":\"WebSite\",\"@id\":\"https:\\\/\\\/www.psycho-bio-acupressure.com\\\/es\\\/#website\",\"url\":\"https:\\\/\\\/www.psycho-bio-acupressure.com\\\/es\\\/\",\"name\":\"La PBA\",\"description\":\"Institut DELATTE de Psycho-Bio-Acupressure\",\"publisher\":{\"@id\":\"https:\\\/\\\/www.psycho-bio-acupressure.com\\\/es\\\/#organization\"},\"potentialAction\":[{\"@type\":\"SearchAction\",\"target\":{\"@type\":\"EntryPoint\",\"urlTemplate\":\"https:\\\/\\\/www.psycho-bio-acupressure.com\\\/es\\\/?s={search_term_string}\"},\"query-input\":{\"@type\":\"PropertyValueSpecification\",\"valueRequired\":true,\"valueName\":\"search_term_string\"}}],\"inLanguage\":\"es\"},{\"@type\":\"Organization\",\"@id\":\"https:\\\/\\\/www.psycho-bio-acupressure.com\\\/es\\\/#organization\",\"name\":\"Institut Delatte de la Psycho-Bio-Acupressure\",\"url\":\"https:\\\/\\\/www.psycho-bio-acupressure.com\\\/es\\\/\",\"logo\":{\"@type\":\"ImageObject\",\"inLanguage\":\"es\",\"@id\":\"https:\\\/\\\/www.psycho-bio-acupressure.com\\\/es\\\/#\\\/schema\\\/logo\\\/image\\\/\",\"url\":\"https:\\\/\\\/www.psycho-bio-acupressure.com\\\/wp-content\\\/uploads\\\/2019\\\/04\\\/pba-logo.png\",\"contentUrl\":\"https:\\\/\\\/www.psycho-bio-acupressure.com\\\/wp-content\\\/uploads\\\/2019\\\/04\\\/pba-logo.png\",\"width\":1553,\"height\":1553,\"caption\":\"Institut Delatte de la Psycho-Bio-Acupressure\"},\"image\":{\"@id\":\"https:\\\/\\\/www.psycho-bio-acupressure.com\\\/es\\\/#\\\/schema\\\/logo\\\/image\\\/\"},\"sameAs\":[\"https:\\\/\\\/www.facebook.com\\\/InstitutDelatteDePsychoBioAcupressure\",\"https:\\\/\\\/www.instagram.com\\\/institutdocteurdelatteofficiel\\\/\"]}]}<\/script>\n<!-- \/ Yoast SEO plugin. -->","yoast_head_json":{"title":"07 \u2013 Ard\u00e8che - La PBA","robots":{"index":"index","follow":"follow","max-snippet":"max-snippet:-1","max-image-preview":"max-image-preview:large","max-video-preview":"max-video-preview:-1"},"canonical":"https:\/\/www.psycho-bio-acupressure.com\/es\/practicantes-con-licencia\/07-ardeche\/","og_locale":"es_ES","og_type":"article","og_title":"07 \u2013 Ard\u00e8che - La PBA","og_url":"https:\/\/www.psycho-bio-acupressure.com\/es\/practicantes-con-licencia\/07-ardeche\/","og_site_name":"La PBA","article_publisher":"https:\/\/www.facebook.com\/InstitutDelatteDePsychoBioAcupressure","twitter_card":"summary_large_image","schema":{"@context":"https:\/\/schema.org","@graph":[{"@type":"WebPage","@id":"https:\/\/www.psycho-bio-acupressure.com\/es\/practicantes-con-licencia\/07-ardeche\/","url":"https:\/\/www.psycho-bio-acupressure.com\/es\/practicantes-con-licencia\/07-ardeche\/","name":"07 \u2013 Ard\u00e8che - La PBA","isPartOf":{"@id":"https:\/\/www.psycho-bio-acupressure.com\/es\/#website"},"datePublished":"2018-08-21T07:06:14+00:00","breadcrumb":{"@id":"https:\/\/www.psycho-bio-acupressure.com\/es\/practicantes-con-licencia\/07-ardeche\/#breadcrumb"},"inLanguage":"es","potentialAction":[{"@type":"ReadAction","target":["https:\/\/www.psycho-bio-acupressure.com\/es\/practicantes-con-licencia\/07-ardeche\/"]}]},{"@type":"BreadcrumbList","@id":"https:\/\/www.psycho-bio-acupressure.com\/es\/practicantes-con-licencia\/07-ardeche\/#breadcrumb","itemListElement":[{"@type":"ListItem","position":1,"name":"Accueil","item":"https:\/\/www.psycho-bio-acupressure.com\/es\/"},{"@type":"ListItem","position":2,"name":"Practicantes con licencia","item":"https:\/\/www.psycho-bio-acupressure.com\/es\/practicantes-con-licencia\/"},{"@type":"ListItem","position":3,"name":"07 \u2013 Ard\u00e8che"}]},{"@type":"WebSite","@id":"https:\/\/www.psycho-bio-acupressure.com\/es\/#website","url":"https:\/\/www.psycho-bio-acupressure.com\/es\/","name":"La PBA","description":"Institut DELATTE de Psycho-Bio-Acupressure","publisher":{"@id":"https:\/\/www.psycho-bio-acupressure.com\/es\/#organization"},"potentialAction":[{"@type":"SearchAction","target":{"@type":"EntryPoint","urlTemplate":"https:\/\/www.psycho-bio-acupressure.com\/es\/?s={search_term_string}"},"query-input":{"@type":"PropertyValueSpecification","valueRequired":true,"valueName":"search_term_string"}}],"inLanguage":"es"},{"@type":"Organization","@id":"https:\/\/www.psycho-bio-acupressure.com\/es\/#organization","name":"Institut Delatte de la Psycho-Bio-Acupressure","url":"https:\/\/www.psycho-bio-acupressure.com\/es\/","logo":{"@type":"ImageObject","inLanguage":"es","@id":"https:\/\/www.psycho-bio-acupressure.com\/es\/#\/schema\/logo\/image\/","url":"https:\/\/www.psycho-bio-acupressure.com\/wp-content\/uploads\/2019\/04\/pba-logo.png","contentUrl":"https:\/\/www.psycho-bio-acupressure.com\/wp-content\/uploads\/2019\/04\/pba-logo.png","width":1553,"height":1553,"caption":"Institut Delatte de la Psycho-Bio-Acupressure"},"image":{"@id":"https:\/\/www.psycho-bio-acupressure.com\/es\/#\/schema\/logo\/image\/"},"sameAs":["https:\/\/www.facebook.com\/InstitutDelatteDePsychoBioAcupressure","https:\/\/www.instagram.com\/institutdocteurdelatteofficiel\/"]}]}},"_links":{"self":[{"href":"https:\/\/www.psycho-bio-acupressure.com\/es\/wp-json\/wp\/v2\/pages\/1266","targetHints":{"allow":["GET"]}}],"collection":[{"href":"https:\/\/www.psycho-bio-acupressure.com\/es\/wp-json\/wp\/v2\/pages"}],"about":[{"href":"https:\/\/www.psycho-bio-acupressure.com\/es\/wp-json\/wp\/v2\/types\/page"}],"author":[{"embeddable":true,"href":"https:\/\/www.psycho-bio-acupressure.com\/es\/wp-json\/wp\/v2\/users\/1"}],"replies":[{"embeddable":true,"href":"https:\/\/www.psycho-bio-acupressure.com\/es\/wp-json\/wp\/v2\/comments?post=1266"}],"version-history":[{"count":1,"href":"https:\/\/www.psycho-bio-acupressure.com\/es\/wp-json\/wp\/v2\/pages\/1266\/revisions"}],"predecessor-version":[{"id":1267,"href":"https:\/\/www.psycho-bio-acupressure.com\/es\/wp-json\/wp\/v2\/pages\/1266\/revisions\/1267"}],"up":[{"embeddable":true,"href":"https:\/\/www.psycho-bio-acupressure.com\/es\/wp-json\/wp\/v2\/pages\/1152"}],"wp:attachment":[{"href":"https:\/\/www.psycho-bio-acupressure.com\/es\/wp-json\/wp\/v2\/media?parent=1266"}],"curies":[{"name":"wp","href":"https:\/\/api.w.org\/{rel}","templated":true}]}}